{"id":29316,"date":"2025-10-22T16:16:18","date_gmt":"2025-10-22T14:16:18","guid":{"rendered":"https:\/\/folk-peuplesetbeaute.com\/?page_id=29316"},"modified":"2025-10-24T16:44:07","modified_gmt":"2025-10-24T14:44:07","slug":"notre-histoire","status":"publish","type":"page","link":"https:\/\/folk-peuplesetbeaute.com\/en\/notre-histoire\/","title":{"rendered":"Our Story"},"content":{"rendered":"<p>[et_pb_section fb_built=\u00a0\u00bb1&Prime; _builder_version=\u00a0\u00bb4.27.4&Prime; _module_preset=\u00a0\u00bbdefault\u00a0\u00bb global_colors_info=\u00a0\u00bb{}\u00a0\u00bb][et_pb_row _builder_version=\u00a0\u00bb4.27.4&Prime; _module_preset=\u00a0\u00bbdefault\u00a0\u00bb global_colors_info=\u00a0\u00bb{}\u00a0\u00bb][et_pb_column type=\u00a0\u00bb4_4&Prime; _builder_version=\u00a0\u00bb4.27.4&Prime; _module_preset=\u00a0\u00bbdefault\u00a0\u00bb global_colors_info=\u00a0\u00bb{}\u00a0\u00bb][et_pb_text _builder_version=\u00a0\u00bb4.27.4&Prime; _module_preset=\u00a0\u00bbdefault\u00a0\u00bb header_font=\u00a0\u00bb|700||on|||||\u00a0\u00bb header_text_align=\u00a0\u00bbjustify\u00a0\u00bb text_orientation=\u00a0\u00bbjustified\u00a0\u00bb hover_enabled=\u00a0\u00bb0&Prime; global_colors_info=\u00a0\u00bb{}\u00a0\u00bb sticky_enabled=\u00a0\u00bb0&Prime;]<\/p>\n<h1>Notre histoire<\/h1>\n<p><strong><\/strong><\/p>\n<p><strong>LA FONDATRICE<\/strong><\/p>\n<p>Je m&rsquo;appelle Cheyenne CARRON, et j\u2019ai grandi au sein d\u2019une famille o\u00f9 chaque enfant adopt\u00e9 venait d\u2019un coin diff\u00e9rent du monde. Tr\u00e8s t\u00f4t, j\u2019ai appris \u00e0 admirer la richesse des traditions des peuples, la beaut\u00e9 de leurs rituels et l\u2019importance de pr\u00e9server ces savoirs pr\u00e9cieux. Cette vision m\u2019a accompagn\u00e9e toute ma vie et a nourri mon regard sur le monde.<\/p>\n<p><strong><img data-recalc-dims=\"1\" loading=\"lazy\" decoding=\"async\" src=\"https:\/\/i0.wp.com\/folk-peuplesetbeaute.com\/wp-content\/uploads\/2025\/10\/Cheyenne-carron.jpg?resize=169%2C253&#038;ssl=1\" width=\"169\" height=\"253\" alt=\"\" class=\"wp-image-29438 alignnone size-full\" style=\"display: block; margin-left: auto; margin-right: auto;\" \/><\/strong><\/p>\n<p>Apr\u00e8s avoir cr\u00e9\u00e9 des parfums pour ma marque Folk, j\u2019ai ressenti le besoin de creuser plus profond\u00e9ment cet h\u00e9ritage familial, de rendre hommage aux femmes des quatre coins du monde et de partager avec le plus grand nombre leurs secrets de beaut\u00e9.<\/p>\n<p>C\u2019est ainsi qu\u2019est n\u00e9e Folk Peuples &amp; Beaut\u00e9 : une ligne de cosm\u00e9tiques naturels haut de gamme, inspir\u00e9e des rituels ancestraux, o\u00f9 chaque soin raconte une histoire, c\u00e9l\u00e8bre la diversit\u00e9 et sublime la beaut\u00e9 universelle tout en respectant la peau et la plan\u00e8te.<\/p>\n<p>&nbsp;<\/p>\n<p><strong>NOTRE HISTOIRE <\/strong><\/p>\n<p>Folk Peuples &amp; Beaut\u00e9 est n\u00e9e d\u2019une passion pour les rituels ancestraux et les savoirs botaniques transmis \u00e0 travers les peuples du monde.<br \/>Chaque soin puise son inspiration dans les traditions de beaut\u00e9 universelles, l\u00e0 o\u00f9 la nature est v\u00e9n\u00e9r\u00e9e et les plantes sont cultiv\u00e9es avec respect.<\/p>\n<p>De cette rencontre entre h\u00e9ritage culturel et expertise contemporaine est n\u00e9e une ligne de cosm\u00e9tiques naturels haut de gamme, alliant la richesse des actifs v\u00e9g\u00e9taux, la sensorialit\u00e9 des textures et le respect profond de la Terre.<\/p>\n<p>Plus qu\u2019une marque, Folk Peuples &amp; Beaut\u00e9 incarne une philosophie : celle d\u2019une beaut\u00e9 consciente, inspir\u00e9e des peuples, guid\u00e9e par la nature et sublim\u00e9e par le savoir-faire fran\u00e7ais.<\/p>\n<p><strong><\/strong><\/p>\n<p><strong>NOS VALEURS<\/strong><\/p>\n<p>Guid\u00e9s par notre passion pour les rituels de beaut\u00e9 du monde, nous avons \u00e9labor\u00e9 des soins cosm\u00e9tiques naturels respectueux de la peau et de l\u2019environnement.<br \/>Nombre de nos formules int\u00e8grent des actifs issus de l\u2019agriculture biologique, soigneusement s\u00e9lectionn\u00e9s, et sont con\u00e7ues sans conservateur nocif, sans silicone, ni d\u00e9riv\u00e9s p\u00e9trochimiques.<\/p>\n<p>Chez Folk Peuples &amp; Beaut\u00e9, chaque soin est pens\u00e9 pour allier efficacit\u00e9, sensorialit\u00e9 et \u00e9thique, afin de vous offrir une exp\u00e9rience de beaut\u00e9 consciente, respectueuse de la plan\u00e8te et des traditions ancestrales.<\/p>\n<p>[\/et_pb_text][\/et_pb_column][\/et_pb_row][\/et_pb_section]<\/p>\n","protected":false},"excerpt":{"rendered":"<p>Notre histoire LA FONDATRICE Je m&rsquo;appelle Cheyenne CARRON, et j\u2019ai grandi au sein d\u2019une famille o\u00f9 chaque enfant adopt\u00e9 venait d\u2019un coin diff\u00e9rent du monde. Tr\u00e8s t\u00f4t, j\u2019ai appris \u00e0 admirer la richesse des traditions des peuples, la beaut\u00e9 de leurs rituels et l\u2019importance de pr\u00e9server ces savoirs pr\u00e9cieux. Cette vision m\u2019a accompagn\u00e9e toute ma [&hellip;]<\/p>\n","protected":false},"author":1,"featured_media":0,"parent":0,"menu_order":0,"comment_status":"closed","ping_status":"closed","template":"","meta":{"_acf_changed":false,"_et_pb_use_builder":"on","_et_pb_old_content":"","_et_gb_content_width":"","footnotes":""},"class_list":["post-29316","page","type-page","status-publish","hentry"],"acf":[],"jetpack_shortlink":"https:\/\/wp.me\/PgSzTA-7CQ","jetpack_sharing_enabled":true,"_links":{"self":[{"href":"https:\/\/folk-peuplesetbeaute.com\/en\/wp-json\/wp\/v2\/pages\/29316","targetHints":{"allow":["GET"]}}],"collection":[{"href":"https:\/\/folk-peuplesetbeaute.com\/en\/wp-json\/wp\/v2\/pages"}],"about":[{"href":"https:\/\/folk-peuplesetbeaute.com\/en\/wp-json\/wp\/v2\/types\/page"}],"author":[{"embeddable":true,"href":"https:\/\/folk-peuplesetbeaute.com\/en\/wp-json\/wp\/v2\/users\/1"}],"replies":[{"embeddable":true,"href":"https:\/\/folk-peuplesetbeaute.com\/en\/wp-json\/wp\/v2\/comments?post=29316"}],"version-history":[{"count":5,"href":"https:\/\/folk-peuplesetbeaute.com\/en\/wp-json\/wp\/v2\/pages\/29316\/revisions"}],"predecessor-version":[{"id":29539,"href":"https:\/\/folk-peuplesetbeaute.com\/en\/wp-json\/wp\/v2\/pages\/29316\/revisions\/29539"}],"wp:attachment":[{"href":"https:\/\/folk-peuplesetbeaute.com\/en\/wp-json\/wp\/v2\/media?parent=29316"}],"curies":[{"name":"wp","href":"https:\/\/api.w.org\/{rel}","templated":true}]}}