{"id":29811,"date":"2025-12-02T20:42:52","date_gmt":"2025-12-02T19:42:52","guid":{"rendered":"https:\/\/folk-peuplesetbeaute.com\/?post_type=product&#038;p=29811"},"modified":"2026-02-18T09:55:24","modified_gmt":"2026-02-18T08:55:24","slug":"le-baume-a-levres-bio-miracle","status":"publish","type":"product","link":"https:\/\/folk-peuplesetbeaute.com\/en\/product\/le-baume-a-levres-bio-miracle\/","title":{"rendered":"Le baume \u00e0 l\u00e8vres \u201cMIRACLE\u201d"},"content":{"rendered":"<p data-start=\"0\" data-end=\"306\"><strong data-start=\"0\" data-end=\"70\">MIRACLE est un baume qui puise sa force au c\u0153ur m\u00eame de la nature.<\/strong><br data-start=\"70\" data-end=\"73\" \/>Du beurre de karit\u00e9 qui prot\u00e8ge, de la noix de coco qui adoucit, et du calendula qui r\u00e9pare.<br data-start=\"165\" data-end=\"168\" \/>Des huiles de jojoba et de ricin qui nourrissent en profondeur,<br data-start=\"231\" data-end=\"234\" \/>et de la cire d\u2019abeille qui scelle la douceur comme un secret ancestral.<\/p>\n<p data-start=\"308\" data-end=\"501\" data-is-last-node=\"\" data-is-only-node=\"\">Chaque ingr\u00e9dient est un don de la Terre, un petit miracle v\u00e9g\u00e9tal.<br data-start=\"375\" data-end=\"378\" \/>Un baume con\u00e7u pour r\u00e9conforter les l\u00e8vres, apaiser les peaux gerc\u00e9es,<br data-start=\"448\" data-end=\"451\" \/>et redonner lumi\u00e8re et souplesse \u00e0 chaque sourire.<\/p>\n<div class=\"flex flex-col text-sm pb-25\">\n<article class=\"text-token-text-primary w-full focus:outline-none [--shadow-height:45px] has-data-writing-block:pointer-events-none has-data-writing-block:-mt-(--shadow-height) has-data-writing-block:pt-(--shadow-height) [&amp;:has([data-writing-block])&gt;*]:pointer-events-auto scroll-mt-[calc(var(--header-height)+min(200px,max(70px,20svh)))]\" dir=\"auto\" tabindex=\"-1\" data-turn-id=\"request-WEB:a34dba74-1082-4572-9751-85d52c820107-6\" data-testid=\"conversation-turn-14\" data-scroll-anchor=\"true\" data-turn=\"assistant\">\n<div class=\"text-base my-auto mx-auto pb-10 [--thread-content-margin:--spacing(4)] @w-sm\/main:[--thread-content-margin:--spacing(6)] @w-lg\/main:[--thread-content-margin:--spacing(16)] px-(--thread-content-margin)\">\n<div class=\"[--thread-content-max-width:40rem] @w-lg\/main:[--thread-content-max-width:48rem] mx-auto max-w-(--thread-content-max-width) flex-1 group\/turn-messages focus-visible:outline-hidden relative flex w-full min-w-0 flex-col agent-turn\" tabindex=\"-1\">\n<div class=\"flex max-w-full flex-col grow\">\n<div class=\"min-h-8 text-message relative flex w-full flex-col items-end gap-2 text-start break-words whitespace-normal [.text-message+&amp;]:mt-1\" dir=\"auto\" data-message-author-role=\"assistant\" data-message-id=\"66a8c5aa-8d39-4902-9d8c-a79581012edb\" data-message-model-slug=\"gpt-5-2\">\n<div class=\"flex w-full flex-col gap-1 empty:hidden first:pt-[1px]\">\n<div class=\"markdown prose dark:prose-invert w-full wrap-break-word light markdown-new-styling\">\n<p data-start=\"0\" data-end=\"362\" data-is-last-node=\"\" data-is-only-node=\"\"><strong data-start=\"0\" data-end=\"58\" data-is-only-node=\"\">MIRACLE est un baume n\u00e9 de la g\u00e9n\u00e9rosit\u00e9 de la nature.<\/strong><br data-start=\"58\" data-end=\"61\" \/>Du beurre de cacao du P\u00e9rou qui r\u00e9conforte,<br data-start=\"104\" data-end=\"107\" \/>du beurre de karit\u00e9 du Burkina Faso qui prot\u00e8ge,<br data-start=\"155\" data-end=\"158\" \/>et du calendula d\u2019\u00c9gypte qui restaure.<br data-start=\"196\" data-end=\"199\" \/>De l\u2019huile de cameline fran\u00e7aise qui apaise,<br data-start=\"243\" data-end=\"246\" \/>de la vanille d\u2019Ouganda qui enveloppe,<br data-start=\"284\" data-end=\"287\" \/>et des huiles de jojoba, de ricin et de coco qui nourrissent en profondeur.<\/p>\n<\/div>\n<\/div>\n<\/div>\n<\/div>\n<\/div>\n<\/div>\n<\/article>\n<\/div>\n<p data-start=\"0\" data-end=\"216\">Chaque origine raconte l\u2019histoire d\u2019une terre, chaque plante offre sa puissance.<br data-start=\"80\" data-end=\"83\" \/>Un petit miracle naturel qui prend soin des l\u00e8vres, r\u00e9pare les ger\u00e7ures<br data-start=\"154\" data-end=\"157\" data-is-only-node=\"\" \/>et redonne de la douceur \u2014 jusqu\u2019\u00e0 votre plus beau sourire.<\/p>\n<p data-start=\"218\" data-end=\"377\">Pour des l\u00e8vres douces, confortables et intens\u00e9ment nourries.<br data-start=\"279\" data-end=\"282\" \/>Un soin 100 % biologique et v\u00e9g\u00e9tal, certifi\u00e9 selon le cahier des charges <strong data-start=\"356\" data-end=\"376\" data-is-only-node=\"\">Nature &amp; Progr\u00e8s<\/strong>.<\/p>\n<p data-start=\"379\" data-end=\"579\" data-is-last-node=\"\" data-is-only-node=\"\">\u00c9conomique \u00e0 l\u2019usage, une petite quantit\u00e9 suffit \u00e0 chaque application.<br data-start=\"449\" data-end=\"452\" \/>Ce soin est fabriqu\u00e9 artisanalement en petites s\u00e9ries dans la Dr\u00f4me, en France.<br data-start=\"531\" data-end=\"534\" data-is-only-node=\"\" \/>Il est <strong data-start=\"541\" data-end=\"578\">100 % v\u00e9g\u00e9tal et 100 % biologique<\/strong>.<\/p>\n<p data-start=\"0\" data-end=\"283\"><strong data-start=\"0\" data-end=\"17\">Ingr\u00e9dients :<\/strong><br data-start=\"17\" data-end=\"20\" \/>Huile de graines de cameline (France), beurre de cacao (P\u00e9rou), huile de graines de babassu (Br\u00e9sil)*,<br data-start=\"122\" data-end=\"125\" \/>beurre de karit\u00e9 (Burkina Faso), extrait CO\u2082 supercritique de <em data-start=\"187\" data-end=\"207\">Vanilla planifolia<\/em> (Ouganda),<br data-start=\"218\" data-end=\"221\" \/>extrait CO\u2082 supercritique de <em data-start=\"250\" data-end=\"273\">Calendula officinalis<\/em> (\u00c9gypte).<\/p>\n<p data-start=\"285\" data-end=\"417\" data-is-last-node=\"\" data-is-only-node=\"\"><strong data-start=\"285\" data-end=\"350\">100 % des ingr\u00e9dients sont issus de l\u2019agriculture biologique.<\/strong><br data-start=\"350\" data-end=\"353\" \/><strong data-start=\"353\" data-end=\"417\" data-is-last-node=\"\">40 % des ingr\u00e9dients sont cultiv\u00e9s et transform\u00e9s en France.<\/strong><\/p>\n<h3 data-start=\"199\" data-end=\"241\"><strong>Huile de babassu<\/strong>, riche en acide laurique<\/h3>\n<p data-start=\"242\" data-end=\"353\">L\u2019huile de babassu contient de l\u2019acide laurique (44 %), de l\u2019acide myristique (15 %), des acides gras om\u00e9ga-9 (13 %) et de l\u2019acide palmitique (8 %).<\/p>\n<hr data-start=\"355\" data-end=\"358\" \/>\n<h3 data-start=\"360\" data-end=\"403\"><strong>Beurre de karit\u00e9<\/strong>, riche en acide st\u00e9arique<\/h3>\n<p data-start=\"404\" data-end=\"678\">Le beurre de karit\u00e9 contient principalement des acides gras om\u00e9ga-9 (46 %) et de l\u2019acide st\u00e9arique (41 %), ainsi que des acides gras om\u00e9ga-6 (6 %) et de l\u2019acide palmitique (3,5 %).<br data-start=\"180\" data-end=\"183\" \/>Il est \u00e9galement une source naturelle de vitamines A et E, de phytost\u00e9rols et de triterp\u00e8nes (acide cinnamique, butyrospermol, lup\u00e9ol et \u03b2-amyrine).<\/p>\n<hr data-start=\"680\" data-end=\"683\" \/>\n<h3 data-start=\"685\" data-end=\"750\"><strong>Extrait CO\u2082 de calendula<\/strong>, id\u00e9al pour les peaux fragiles et rugueuses<\/h3>\n<p data-start=\"751\" data-end=\"876\">L\u2019extrait CO\u2082 de calendula contient environ <strong data-start=\"44\" data-end=\"78\">17 \u00e0 25 % d\u2019esters de faradiol<\/strong>.<br data-start=\"79\" data-end=\"82\" \/>Il apporte \u00e0 la peau confort et propri\u00e9t\u00e9s apaisantes.<\/p>\n<hr data-start=\"878\" data-end=\"881\" \/>\n<h3 data-start=\"883\" data-end=\"943\"><strong>Extrait CO\u2082 de vanille<\/strong>, pour prendre soin de la peau.<\/h3>\n<p data-start=\"944\" data-end=\"1229\">L\u2019extrait CO\u2082 de vanille aide \u00e0 prendre soin de la peau et \u00e0 am\u00e9liorer son apparence.<br data-start=\"85\" data-end=\"88\" \/>Il apporte une note olfactive et sensorielle douce et gourmande.<br data-start=\"152\" data-end=\"155\" \/>L\u2019extraction au CO\u2082 supercritique est un proc\u00e9d\u00e9 d\u2019extraction des huiles v\u00e9g\u00e9tales \u00e0 basse temp\u00e9rature, qui permet de pr\u00e9server un maximum de compos\u00e9s actifs tout en limitant les d\u00e9chets.<\/p>\n<hr data-start=\"1231\" data-end=\"1234\" \/>\n<h3 data-start=\"1236\" data-end=\"1291\"><strong>Ingr\u00e9dients de haute qualit\u00e9<\/strong> \u2013 composition d\u00e9taill\u00e9e<\/h3>\n<p data-start=\"1295\" data-end=\"1308\">31 % d\u2019acides gras om\u00e9ga-9<br data-start=\"26\" data-end=\"29\" \/>17 % d\u2019acide st\u00e9arique<br data-start=\"51\" data-end=\"54\" \/>11 % d\u2019acide palmitique<br data-start=\"77\" data-end=\"80\" \/>10 % d\u2019acides gras om\u00e9ga-3<br data-start=\"106\" data-end=\"109\" \/>10 % d\u2019acides gras om\u00e9ga-6<br data-start=\"135\" data-end=\"138\" \/>5 % d\u2019acide laurique<br data-start=\"158\" data-end=\"161\" \/>1 % d\u2019acide myristique<br data-start=\"183\" data-end=\"186\" \/>0,06 % d\u2019esters de faradiol<\/p>\n<hr data-start=\"1449\" data-end=\"1452\" \/>\n<h3 data-start=\"1454\" data-end=\"1505\"><strong>Huile de cameline<\/strong>, riche en om\u00e9ga-3 et om\u00e9ga-6<\/h3>\n<p data-start=\"1506\" data-end=\"1705\">L\u2019huile de cameline contient des acides gras om\u00e9ga-3 (35 %), om\u00e9ga-6 (31 %) et om\u00e9ga-9 (21 %).<br data-start=\"94\" data-end=\"97\" \/>Sa teneur en vitamine E atteint <strong data-start=\"129\" data-end=\"148\">695 mg par kilo<\/strong>.<br data-start=\"149\" data-end=\"152\" \/>Elle est \u00e9galement une source concentr\u00e9e de campest\u00e9rol et de brassicast\u00e9rol.<\/p>\n<hr data-start=\"1707\" data-end=\"1710\" \/>\n<h3 data-start=\"1712\" data-end=\"1751\"><strong>Beurre de cacao<\/strong>, riche en om\u00e9ga-9<\/h3>\n<p data-start=\"1752\" data-end=\"1930\">Le beurre de cacao contient des acides gras om\u00e9ga-9 (34 %), de l\u2019acide st\u00e9arique (34 %) et de l\u2019acide palmitique (26 %).<br data-start=\"120\" data-end=\"123\" \/>Il est \u00e9galement une source naturelle de th\u00e9obromine, de vitamine E, de squal\u00e8ne et de phytost\u00e9rols.<\/p>\n<p class=\"p1\">\n","protected":false},"excerpt":{"rendered":"<p data-start=\"120\" data-end=\"204\"><strong>Parce que la nature sait tout gu\u00e9rir \u2014<\/strong><br data-start=\"38\" data-end=\"41\" \/><strong>et que vos l\u00e8vres m\u00e9ritent sa magie.<\/strong><\/p>\n<p data-start=\"206\" data-end=\"300\">Un baume au d\u00e9licieux parfum de vanille et de cacao, con\u00e7u pour prendre soin des l\u00e8vres s\u00e8ches tout au long de l\u2019ann\u00e9e.<\/p>","protected":false},"featured_media":29822,"comment_status":"open","ping_status":"closed","template":"","meta":{"_acf_changed":false,"_et_pb_use_builder":"","_et_pb_old_content":"","_et_gb_content_width":""},"product_brand":[],"product_cat":[77],"product_tag":[],"class_list":{"0":"post-29811","1":"product","2":"type-product","3":"status-publish","4":"has-post-thumbnail","6":"product_cat-cremes-baumes","8":"first","9":"instock","10":"taxable","11":"shipping-taxable","12":"purchasable","13":"product-type-simple"},"acf":[],"jetpack_sharing_enabled":true,"_links":{"self":[{"href":"https:\/\/folk-peuplesetbeaute.com\/en\/wp-json\/wp\/v2\/product\/29811","targetHints":{"allow":["GET"]}}],"collection":[{"href":"https:\/\/folk-peuplesetbeaute.com\/en\/wp-json\/wp\/v2\/product"}],"about":[{"href":"https:\/\/folk-peuplesetbeaute.com\/en\/wp-json\/wp\/v2\/types\/product"}],"replies":[{"embeddable":true,"href":"https:\/\/folk-peuplesetbeaute.com\/en\/wp-json\/wp\/v2\/comments?post=29811"}],"wp:featuredmedia":[{"embeddable":true,"href":"https:\/\/folk-peuplesetbeaute.com\/en\/wp-json\/wp\/v2\/media\/29822"}],"wp:attachment":[{"href":"https:\/\/folk-peuplesetbeaute.com\/en\/wp-json\/wp\/v2\/media?parent=29811"}],"wp:term":[{"taxonomy":"product_brand","embeddable":true,"href":"https:\/\/folk-peuplesetbeaute.com\/en\/wp-json\/wp\/v2\/product_brand?post=29811"},{"taxonomy":"product_cat","embeddable":true,"href":"https:\/\/folk-peuplesetbeaute.com\/en\/wp-json\/wp\/v2\/product_cat?post=29811"},{"taxonomy":"product_tag","embeddable":true,"href":"https:\/\/folk-peuplesetbeaute.com\/en\/wp-json\/wp\/v2\/product_tag?post=29811"}],"curies":[{"name":"wp","href":"https:\/\/api.w.org\/{rel}","templated":true}]}}